{"id":5145,"date":"2023-03-20T13:50:16","date_gmt":"2023-03-20T12:50:16","guid":{"rendered":"https:\/\/www.ersteprvaliga.hr\/plava-liga\/?post_type=competition&#038;p=5145"},"modified":"2026-03-13T13:09:08","modified_gmt":"2026-03-13T12:09:08","slug":"varazdin","status":"publish","type":"competition","link":"https:\/\/www.ersteprvaliga.hr\/plava-liga\/natjecanja\/varazdin\/","title":{"rendered":"Vara\u017edin"},"content":{"rendered":"\n<div class=\"wp-block-columns is-layout-flex wp-container-core-columns-is-layout-8f761849 wp-block-columns-is-layout-flex\">\n<div class=\"wp-block-column c-competition__col-left is-layout-flow wp-block-column-is-layout-flow\">\n<h2 class=\"wp-block-heading\">O KLUBU<\/h2>\n\n\n\n<p class=\"wp-block-paragraph\"><strong>Atletski klub Sloboda<\/strong> <strong>Vara\u017edin<\/strong> osnovan je u drugoj polovici 1945. godine, no prete\u010da mu je atletska sekcija Slavije osnovana jo\u0161 1932. godine. Sloboda je desetlje\u0107ima jedan od najboljih klubova u Hrvatskoj i biv\u0161oj Jugoslaviji. <\/p>\n\n\n\n<p class=\"wp-block-paragraph\">Za klub su nastupala velika atletska imena poput \u017deljka Knapi\u0107a, Vesne Bajer, Mladena Mavara, Mirka Mi\u010dude, \u017deljka Vinceka i brojnih drugih. Danas su najpoznatiji klupski atleti\u010dari ujedno i velike nade hrvatske atletike Klara i Jana Ko\u0161\u010dak, Roko Farka\u0161.<\/p>\n\n\n\n<p class=\"wp-block-paragraph\">Pravi uvjeti za vrhunsku atletiku su stvoreni tek 1987. godine kada je na stadionu Slobode izgra\u0111ena atletska staza sa svim popratnim sadr\u017eajima. Dvije godine kasnije u Vara\u017edinu je organizirano Juniorsko prvenstvo Europe, na kojem je nastupilo 695 atleti\u010dara i atleti\u010darki iz 26 zemalja.<\/p>\n\n\n\n<p class=\"wp-block-paragraph\">Cilj novog vodstva atletskog kluba Sloboda je vratiti krunu kraljici sportova te s novom generacijom atleti\u010darki i atleti\u010dara posti\u0107i vrhunske rezultate na dr\u017eavnim, europskim i svjetskim natjecanjima.<\/p>\n<\/div>\n\n\n\n<div class=\"wp-block-column c-competition__col-right is-layout-flow wp-block-column-is-layout-flow\">\n<h2 class=\"wp-block-heading\">KONTAKT PODACI<\/h2>\n\n\n\n<div class=\"wp-block-group c-competition__item\"><div class=\"wp-block-group__inner-container is-layout-flow wp-block-group-is-layout-flow\">\n<p class=\"wp-block-paragraph\"><strong>Lokacija odr\u017eavanja natjecanja<\/strong><\/p>\n\n\nStadion Sloboda Vara\u017edin, ul. Ognjena Price 34, Vara\u017edin\n<\/div><\/div>\n\n\n\n<div class=\"wp-block-group c-competition__item\"><div class=\"wp-block-group__inner-container is-layout-flow wp-block-group-is-layout-flow\">\n<p class=\"wp-block-paragraph\"><strong>Koordinatori Lige<\/strong><\/p>\n\n\nNenad Pavli\u010dek\n<\/div><\/div>\n\n\n\n<div class=\"wp-block-group c-competition__item\"><div class=\"wp-block-group__inner-container is-layout-flow wp-block-group-is-layout-flow\">\n<p class=\"wp-block-paragraph\"><strong>Kontakt telefon<\/strong><\/p>\n\n\n099 2032 444\n<\/div><\/div>\n\n\n\n<div class=\"wp-block-group c-competition__item\"><div class=\"wp-block-group__inner-container is-layout-flow wp-block-group-is-layout-flow\">\n<p class=\"wp-block-paragraph\">E-mail<\/p>\n\n\ntajnistvo@ak-sloboda.hr \n<\/div><\/div>\n<\/div>\n<\/div>\n","protected":false},"excerpt":{"rendered":"<p>O KLUBU Atletski klub Sloboda Vara\u017edin osnovan je u drugoj polovici 1945. godine, no prete\u010da mu je atletska sekcija Slavije osnovana jo\u0161 1932. godine. Sloboda je desetlje\u0107ima jedan od najboljih klubova u Hrvatskoj i biv\u0161oj Jugoslaviji. Za klub su nastupala velika atletska imena poput \u017deljka Knapi\u0107a, Vesne Bajer, Mladena Mavara, Mirka Mi\u010dude, \u017deljka Vinceka i [&hellip;]<\/p>\n","protected":false},"featured_media":5147,"template":"","class_list":["post-5145","competition","type-competition","status-publish","has-post-thumbnail","hentry"],"yoast_head":"<!-- This site is optimized with the Yoast SEO plugin v28.3 - https:\/\/yoast.com\/product\/yoast-seo-wordpress\/ -->\n<title>Vara\u017edin - Erste Plava Liga<\/title>\n<meta name=\"robots\" content=\"index, follow, max-snippet:-1, max-image-preview:large, max-video-preview:-1\" \/>\n<link rel=\"canonical\" href=\"https:\/\/www.ersteprvaliga.hr\/plava-liga\/natjecanja\/varazdin\/\" \/>\n<meta property=\"og:locale\" content=\"hr_HR\" \/>\n<meta property=\"og:type\" content=\"article\" \/>\n<meta property=\"og:title\" content=\"Vara\u017edin - Erste Plava Liga\" \/>\n<meta property=\"og:description\" content=\"O KLUBU Atletski klub Sloboda Vara\u017edin osnovan je u drugoj polovici 1945. godine, no prete\u010da mu je atletska sekcija Slavije osnovana jo\u0161 1932. godine. Sloboda je desetlje\u0107ima jedan od najboljih klubova u Hrvatskoj i biv\u0161oj Jugoslaviji. Za klub su nastupala velika atletska imena poput \u017deljka Knapi\u0107a, Vesne Bajer, Mladena Mavara, Mirka Mi\u010dude, \u017deljka Vinceka i [&hellip;]\" \/>\n<meta property=\"og:url\" content=\"https:\/\/www.ersteprvaliga.hr\/plava-liga\/natjecanja\/varazdin\/\" \/>\n<meta property=\"og:site_name\" content=\"Erste Plava Liga\" \/>\n<meta property=\"article:modified_time\" content=\"2026-03-13T12:09:08+00:00\" \/>\n<meta property=\"og:image\" content=\"https:\/\/www.ersteprvaliga.hr\/plava-liga\/wp-content\/uploads\/sites\/2\/2023\/03\/epl_varazdin.jpg\" \/>\n\t<meta property=\"og:image:width\" content=\"1000\" \/>\n\t<meta property=\"og:image:height\" content=\"668\" \/>\n\t<meta property=\"og:image:type\" content=\"image\/jpeg\" \/>\n<meta name=\"twitter:card\" content=\"summary_large_image\" \/>\n<meta name=\"twitter:label1\" content=\"Procijenjeno vrijeme \u010ditanja\" \/>\n\t<meta name=\"twitter:data1\" content=\"1 minuta\" \/>\n<script type=\"application\/ld+json\" class=\"yoast-schema-graph\">{\"@context\":\"https:\\\/\\\/schema.org\",\"@graph\":[{\"@type\":\"WebPage\",\"@id\":\"https:\\\/\\\/www.ersteprvaliga.hr\\\/plava-liga\\\/natjecanja\\\/varazdin\\\/\",\"url\":\"https:\\\/\\\/www.ersteprvaliga.hr\\\/plava-liga\\\/natjecanja\\\/varazdin\\\/\",\"name\":\"Vara\u017edin - Erste Plava Liga\",\"isPartOf\":{\"@id\":\"https:\\\/\\\/www.ersteprvaliga.hr\\\/plava-liga\\\/#website\"},\"primaryImageOfPage\":{\"@id\":\"https:\\\/\\\/www.ersteprvaliga.hr\\\/plava-liga\\\/natjecanja\\\/varazdin\\\/#primaryimage\"},\"image\":{\"@id\":\"https:\\\/\\\/www.ersteprvaliga.hr\\\/plava-liga\\\/natjecanja\\\/varazdin\\\/#primaryimage\"},\"thumbnailUrl\":\"https:\\\/\\\/www.ersteprvaliga.hr\\\/plava-liga\\\/wp-content\\\/uploads\\\/sites\\\/2\\\/2023\\\/03\\\/epl_varazdin.jpg\",\"datePublished\":\"2023-03-20T12:50:16+00:00\",\"dateModified\":\"2026-03-13T12:09:08+00:00\",\"breadcrumb\":{\"@id\":\"https:\\\/\\\/www.ersteprvaliga.hr\\\/plava-liga\\\/natjecanja\\\/varazdin\\\/#breadcrumb\"},\"inLanguage\":\"hr\",\"potentialAction\":[{\"@type\":\"ReadAction\",\"target\":[\"https:\\\/\\\/www.ersteprvaliga.hr\\\/plava-liga\\\/natjecanja\\\/varazdin\\\/\"]}]},{\"@type\":\"ImageObject\",\"inLanguage\":\"hr\",\"@id\":\"https:\\\/\\\/www.ersteprvaliga.hr\\\/plava-liga\\\/natjecanja\\\/varazdin\\\/#primaryimage\",\"url\":\"https:\\\/\\\/www.ersteprvaliga.hr\\\/plava-liga\\\/wp-content\\\/uploads\\\/sites\\\/2\\\/2023\\\/03\\\/epl_varazdin.jpg\",\"contentUrl\":\"https:\\\/\\\/www.ersteprvaliga.hr\\\/plava-liga\\\/wp-content\\\/uploads\\\/sites\\\/2\\\/2023\\\/03\\\/epl_varazdin.jpg\",\"width\":1000,\"height\":668},{\"@type\":\"BreadcrumbList\",\"@id\":\"https:\\\/\\\/www.ersteprvaliga.hr\\\/plava-liga\\\/natjecanja\\\/varazdin\\\/#breadcrumb\",\"itemListElement\":[{\"@type\":\"ListItem\",\"position\":1,\"name\":\"Po\u010detna stranica\",\"item\":\"https:\\\/\\\/www.ersteprvaliga.hr\\\/plava-liga\\\/\"},{\"@type\":\"ListItem\",\"position\":2,\"name\":\"Natjecanja\",\"item\":\"https:\\\/\\\/www.ersteprvaliga.hr\\\/plava-liga\\\/natjecanja\\\/\"},{\"@type\":\"ListItem\",\"position\":3,\"name\":\"Vara\u017edin\"}]},{\"@type\":\"WebSite\",\"@id\":\"https:\\\/\\\/www.ersteprvaliga.hr\\\/plava-liga\\\/#website\",\"url\":\"https:\\\/\\\/www.ersteprvaliga.hr\\\/plava-liga\\\/\",\"name\":\"Erste Plava Liga\",\"description\":\"\",\"publisher\":{\"@id\":\"https:\\\/\\\/www.ersteprvaliga.hr\\\/plava-liga\\\/#organization\"},\"potentialAction\":[{\"@type\":\"SearchAction\",\"target\":{\"@type\":\"EntryPoint\",\"urlTemplate\":\"https:\\\/\\\/www.ersteprvaliga.hr\\\/plava-liga\\\/?s={search_term_string}\"},\"query-input\":{\"@type\":\"PropertyValueSpecification\",\"valueRequired\":true,\"valueName\":\"search_term_string\"}}],\"inLanguage\":\"hr\"},{\"@type\":\"Organization\",\"@id\":\"https:\\\/\\\/www.ersteprvaliga.hr\\\/plava-liga\\\/#organization\",\"name\":\"Erste Plava Liga\",\"url\":\"https:\\\/\\\/www.ersteprvaliga.hr\\\/plava-liga\\\/\",\"logo\":{\"@type\":\"ImageObject\",\"inLanguage\":\"hr\",\"@id\":\"https:\\\/\\\/www.ersteprvaliga.hr\\\/plava-liga\\\/#\\\/schema\\\/logo\\\/image\\\/\",\"url\":\"https:\\\/\\\/www.ersteprvaliga.hr\\\/plava-liga\\\/wp-content\\\/uploads\\\/sites\\\/2\\\/2022\\\/03\\\/fb-share-plava-liga-1.jpg\",\"contentUrl\":\"https:\\\/\\\/www.ersteprvaliga.hr\\\/plava-liga\\\/wp-content\\\/uploads\\\/sites\\\/2\\\/2022\\\/03\\\/fb-share-plava-liga-1.jpg\",\"width\":1200,\"height\":630,\"caption\":\"Erste Plava Liga\"},\"image\":{\"@id\":\"https:\\\/\\\/www.ersteprvaliga.hr\\\/plava-liga\\\/#\\\/schema\\\/logo\\\/image\\\/\"}}]}<\/script>\n<!-- \/ Yoast SEO plugin. -->","yoast_head_json":{"title":"Vara\u017edin - Erste Plava Liga","robots":{"index":"index","follow":"follow","max-snippet":"max-snippet:-1","max-image-preview":"max-image-preview:large","max-video-preview":"max-video-preview:-1"},"canonical":"https:\/\/www.ersteprvaliga.hr\/plava-liga\/natjecanja\/varazdin\/","og_locale":"hr_HR","og_type":"article","og_title":"Vara\u017edin - Erste Plava Liga","og_description":"O KLUBU Atletski klub Sloboda Vara\u017edin osnovan je u drugoj polovici 1945. godine, no prete\u010da mu je atletska sekcija Slavije osnovana jo\u0161 1932. godine. Sloboda je desetlje\u0107ima jedan od najboljih klubova u Hrvatskoj i biv\u0161oj Jugoslaviji. Za klub su nastupala velika atletska imena poput \u017deljka Knapi\u0107a, Vesne Bajer, Mladena Mavara, Mirka Mi\u010dude, \u017deljka Vinceka i [&hellip;]","og_url":"https:\/\/www.ersteprvaliga.hr\/plava-liga\/natjecanja\/varazdin\/","og_site_name":"Erste Plava Liga","article_modified_time":"2026-03-13T12:09:08+00:00","og_image":[{"width":1000,"height":668,"url":"https:\/\/www.ersteprvaliga.hr\/plava-liga\/wp-content\/uploads\/sites\/2\/2023\/03\/epl_varazdin.jpg","type":"image\/jpeg"}],"twitter_card":"summary_large_image","twitter_misc":{"Procijenjeno vrijeme \u010ditanja":"1 minuta"},"schema":{"@context":"https:\/\/schema.org","@graph":[{"@type":"WebPage","@id":"https:\/\/www.ersteprvaliga.hr\/plava-liga\/natjecanja\/varazdin\/","url":"https:\/\/www.ersteprvaliga.hr\/plava-liga\/natjecanja\/varazdin\/","name":"Vara\u017edin - Erste Plava Liga","isPartOf":{"@id":"https:\/\/www.ersteprvaliga.hr\/plava-liga\/#website"},"primaryImageOfPage":{"@id":"https:\/\/www.ersteprvaliga.hr\/plava-liga\/natjecanja\/varazdin\/#primaryimage"},"image":{"@id":"https:\/\/www.ersteprvaliga.hr\/plava-liga\/natjecanja\/varazdin\/#primaryimage"},"thumbnailUrl":"https:\/\/www.ersteprvaliga.hr\/plava-liga\/wp-content\/uploads\/sites\/2\/2023\/03\/epl_varazdin.jpg","datePublished":"2023-03-20T12:50:16+00:00","dateModified":"2026-03-13T12:09:08+00:00","breadcrumb":{"@id":"https:\/\/www.ersteprvaliga.hr\/plava-liga\/natjecanja\/varazdin\/#breadcrumb"},"inLanguage":"hr","potentialAction":[{"@type":"ReadAction","target":["https:\/\/www.ersteprvaliga.hr\/plava-liga\/natjecanja\/varazdin\/"]}]},{"@type":"ImageObject","inLanguage":"hr","@id":"https:\/\/www.ersteprvaliga.hr\/plava-liga\/natjecanja\/varazdin\/#primaryimage","url":"https:\/\/www.ersteprvaliga.hr\/plava-liga\/wp-content\/uploads\/sites\/2\/2023\/03\/epl_varazdin.jpg","contentUrl":"https:\/\/www.ersteprvaliga.hr\/plava-liga\/wp-content\/uploads\/sites\/2\/2023\/03\/epl_varazdin.jpg","width":1000,"height":668},{"@type":"BreadcrumbList","@id":"https:\/\/www.ersteprvaliga.hr\/plava-liga\/natjecanja\/varazdin\/#breadcrumb","itemListElement":[{"@type":"ListItem","position":1,"name":"Po\u010detna stranica","item":"https:\/\/www.ersteprvaliga.hr\/plava-liga\/"},{"@type":"ListItem","position":2,"name":"Natjecanja","item":"https:\/\/www.ersteprvaliga.hr\/plava-liga\/natjecanja\/"},{"@type":"ListItem","position":3,"name":"Vara\u017edin"}]},{"@type":"WebSite","@id":"https:\/\/www.ersteprvaliga.hr\/plava-liga\/#website","url":"https:\/\/www.ersteprvaliga.hr\/plava-liga\/","name":"Erste Plava Liga","description":"","publisher":{"@id":"https:\/\/www.ersteprvaliga.hr\/plava-liga\/#organization"},"potentialAction":[{"@type":"SearchAction","target":{"@type":"EntryPoint","urlTemplate":"https:\/\/www.ersteprvaliga.hr\/plava-liga\/?s={search_term_string}"},"query-input":{"@type":"PropertyValueSpecification","valueRequired":true,"valueName":"search_term_string"}}],"inLanguage":"hr"},{"@type":"Organization","@id":"https:\/\/www.ersteprvaliga.hr\/plava-liga\/#organization","name":"Erste Plava Liga","url":"https:\/\/www.ersteprvaliga.hr\/plava-liga\/","logo":{"@type":"ImageObject","inLanguage":"hr","@id":"https:\/\/www.ersteprvaliga.hr\/plava-liga\/#\/schema\/logo\/image\/","url":"https:\/\/www.ersteprvaliga.hr\/plava-liga\/wp-content\/uploads\/sites\/2\/2022\/03\/fb-share-plava-liga-1.jpg","contentUrl":"https:\/\/www.ersteprvaliga.hr\/plava-liga\/wp-content\/uploads\/sites\/2\/2022\/03\/fb-share-plava-liga-1.jpg","width":1200,"height":630,"caption":"Erste Plava Liga"},"image":{"@id":"https:\/\/www.ersteprvaliga.hr\/plava-liga\/#\/schema\/logo\/image\/"}}]}},"_links":{"self":[{"href":"https:\/\/www.ersteprvaliga.hr\/plava-liga\/wp-json\/wp\/v2\/competition\/5145","targetHints":{"allow":["GET"]}}],"collection":[{"href":"https:\/\/www.ersteprvaliga.hr\/plava-liga\/wp-json\/wp\/v2\/competition"}],"about":[{"href":"https:\/\/www.ersteprvaliga.hr\/plava-liga\/wp-json\/wp\/v2\/types\/competition"}],"wp:featuredmedia":[{"embeddable":true,"href":"https:\/\/www.ersteprvaliga.hr\/plava-liga\/wp-json\/wp\/v2\/media\/5147"}],"wp:attachment":[{"href":"https:\/\/www.ersteprvaliga.hr\/plava-liga\/wp-json\/wp\/v2\/media?parent=5145"}],"curies":[{"name":"wp","href":"https:\/\/api.w.org\/{rel}","templated":true}]}}